{"id":2478,"date":"2025-02-27T15:08:42","date_gmt":"2025-02-27T14:08:42","guid":{"rendered":"https:\/\/www.puget-lesadrets-tourisme.com\/for-nature-lovers\/"},"modified":"2026-04-14T12:27:34","modified_gmt":"2026-04-14T10:27:34","slug":"for-nature-lovers","status":"publish","type":"page","link":"https:\/\/www.puget-lesadrets-tourisme.com\/en\/for-nature-lovers\/","title":{"rendered":"LES ADRETS-DE-L&#8217;ESTEREL<br>A balcony overlooking the Esterel and the sea"},"content":{"rendered":"\n<div class=\"wp-block-ws-library-ws-header-principal is-layout-constrained alignfull\"><div class=\"alignwide\"><div class=\"group-media has-image\"><img width=\"1600\" height=\"635\" fetchpriority=\"high\" decoding=\"sync\" src=\"https:\/\/www.puget-lesadrets-tourisme.com\/wp-content\/uploads\/2025\/02\/gabarit-diaporama-lees-adretss-1600x712-1-1600x635.jpg\" alt=\"\" loading=\"eager\" class=\"image_large_square wp-image-23 \"\/><\/div><div class=\"group-content\"><div class=\"title\"><h1>LES ADRETS-DE-L&#8217;ESTEREL<br>A balcony overlooking the Esterel and the sea<\/h1><\/div><div class=\"introduction\"><h2>A relaxing interlude in Les Adrets-de-l&#8217;Est\u00e9rel<\/h2><p>By inviting you to discover the village of Les Adrets-de-l&#8217;Est\u00e9rel, we welcome you to an authentic holiday resort in an exceptional setting combining environmental preservation, scenic beauty and geological and historical riches.<\/p>\n<div class=\"wp-block-ws-library-ws-button has-text-align-center is-style-green\"><a href=\"https:\/\/www.puget-lesadrets-tourisme.com\/en\/for-nature-lovers\/the-territory\/the-adrets-of-the-esterel\/\" class=\"wp-block-button__link wp-element-button btn\">  Discover<\/a><\/div>\n<\/div><\/div><\/div><\/div>\n\n<div class=\"wp-block-ws-library-ws-title is-style-round-brown\"><h2>A privileged location<\/h2><\/div>\n\n<p class=\"text-socialwall\">The village is located in the extreme south-east of the Var, in a privileged position between the sea and the mountains. Its proximity to the Alpes-Maritimes makes it an ideal location.   <\/p>\n\n<p class=\"text-socialwall\"><\/p>\n\n<p>Our village is not only sheltered from the crowds of major tourist centers, but also in the immediate vicinity of Cannes, the remarkable sites of the Est\u00e9rel and the whole of the Pays de Fayence, as well as Italy and Monaco.<\/p>\n\n<p>In particular, it is the starting point for many hikes through our wonderful massif, where you can discover :<\/p>\n\n<ul class=\"wp-block-list\">\n<li>Sumptuous landscapes and panoramic views,<\/li>\n\n\n\n<li>A rich and fragile local flora that will take you on a journey through its Mediterranean essences,<\/li>\n\n\n\n<li>Rhyolite, a volcanic rock that captures the light beautifully. <\/li>\n<\/ul>\n\n<p>Overlooking the Bay of Cannes, our village offers exceptional views of the L\u00e9rins Islands and the Est\u00e9rel cliffs.<\/p>\n\n<p>You can also take advantage of the Saint Cassien lake, a great alternative to the seaside, to enjoy the water sports available to you in complete tranquillity: inflatable games, pedalos, fishing, rowing, paddle, but also relaxation and swimming.<\/p>\n\n<p>In our village, you&#8217;ll find a variety of shops and restaurants to make your stay as easy as possible.<\/p>\n\n<p>During the summer, the tourist office offers a program of festivities combining concerts and shows for everyone. You&#8217;ll find a list of all the festivities taking place in our village in the &#8220;events&#8221; section. <\/p>\n\n<p>We look forward to sharing our love of the region with you and and providing all the information you need to discover this magnificent heritage.<\/p>\n\n<p><\/p>\n\n<p><\/p>\n","protected":false},"excerpt":{"rendered":"<p>By inviting you to discover the village of Les Adrets de l&#8217;Est\u00e9rel, we welcome you to an authentic holiday resort in an exceptional setting combining environmental preservation, scenic beauty and geological and historical riches.<\/p>\n","protected":false},"author":1,"featured_media":53,"parent":0,"menu_order":0,"comment_status":"closed","ping_status":"closed","template":"","meta":{"footnotes":""},"category":[],"zone":[937],"class_list":["post-2478","page","type-page","status-publish","has-post-thumbnail","hentry","zone-adrets"],"yoast_head":"<!-- This site is optimized with the Yoast SEO plugin v27.0 - https:\/\/yoast.com\/product\/yoast-seo-wordpress\/ -->\n<title>Les Adrets de l&#039;Est\u00e9rel: a balcony overlooking the Est\u00e9rel and the sea<\/title>\n<meta name=\"description\" content=\"Welcome to Les Adrets de l&#039;Est\u00e9rel: a Provencal village nestled between the Est\u00e9rel and the C\u00f4te d&#039;Azur. Tourism, nature and culture to discover!\" \/>\n<meta name=\"robots\" content=\"index, follow, max-snippet:-1, max-image-preview:large, max-video-preview:-1\" \/>\n<link rel=\"canonical\" href=\"https:\/\/www.puget-lesadrets-tourisme.com\/en\/for-nature-lovers\/\" \/>\n<meta property=\"og:locale\" content=\"en_US\" \/>\n<meta property=\"og:type\" content=\"article\" \/>\n<meta property=\"og:title\" content=\"Les Adrets de l&#039;Est\u00e9rel: a balcony overlooking the Est\u00e9rel and the sea\" \/>\n<meta property=\"og:description\" content=\"Welcome to Les Adrets de l&#039;Est\u00e9rel: a Provencal village nestled between the Est\u00e9rel and the C\u00f4te d&#039;Azur. Tourism, nature and culture to discover!\" \/>\n<meta property=\"og:url\" content=\"https:\/\/www.puget-lesadrets-tourisme.com\/en\/for-nature-lovers\/\" \/>\n<meta property=\"og:site_name\" content=\"Puget sur argens et Les Adrets de l&#039;Est\u00e9rel\" \/>\n<meta property=\"article:modified_time\" content=\"2026-04-14T10:27:34+00:00\" \/>\n<meta property=\"og:image\" content=\"https:\/\/www.puget-lesadrets-tourisme.com\/wp-content\/uploads\/2025\/02\/gabarit-diaporama-lees-adretss-1600x712-1.jpg\" \/>\n\t<meta property=\"og:image:width\" content=\"1600\" \/>\n\t<meta property=\"og:image:height\" content=\"712\" \/>\n\t<meta property=\"og:image:type\" content=\"image\/jpeg\" \/>\n<meta name=\"twitter:card\" content=\"summary_large_image\" \/>\n<meta name=\"twitter:label1\" content=\"Est. reading time\" \/>\n\t<meta name=\"twitter:data1\" content=\"2 minutes\" \/>\n<script type=\"application\/ld+json\" class=\"yoast-schema-graph\">{\"@context\":\"https:\/\/schema.org\",\"@graph\":[{\"@type\":\"WebPage\",\"@id\":\"https:\/\/www.puget-lesadrets-tourisme.com\/en\/for-nature-lovers\/\",\"url\":\"https:\/\/www.puget-lesadrets-tourisme.com\/en\/for-nature-lovers\/\",\"name\":\"Les Adrets de l'Est\u00e9rel: a balcony overlooking the Est\u00e9rel and the sea\",\"isPartOf\":{\"@id\":\"https:\/\/www.puget-lesadrets-tourisme.com\/en\/#website\"},\"primaryImageOfPage\":{\"@id\":\"https:\/\/www.puget-lesadrets-tourisme.com\/en\/for-nature-lovers\/#primaryimage\"},\"image\":{\"@id\":\"https:\/\/www.puget-lesadrets-tourisme.com\/en\/for-nature-lovers\/#primaryimage\"},\"thumbnailUrl\":\"https:\/\/www.puget-lesadrets-tourisme.com\/wp-content\/uploads\/2025\/02\/gabarit-diaporama-lees-adretss-1600x712-1.jpg\",\"datePublished\":\"2025-02-27T14:08:42+00:00\",\"dateModified\":\"2026-04-14T10:27:34+00:00\",\"description\":\"Welcome to Les Adrets de l'Est\u00e9rel: a Provencal village nestled between the Est\u00e9rel and the C\u00f4te d'Azur. Tourism, nature and culture to discover!\",\"breadcrumb\":{\"@id\":\"https:\/\/www.puget-lesadrets-tourisme.com\/en\/for-nature-lovers\/#breadcrumb\"},\"inLanguage\":\"en-US\",\"potentialAction\":[{\"@type\":\"ReadAction\",\"target\":[\"https:\/\/www.puget-lesadrets-tourisme.com\/en\/for-nature-lovers\/\"]}]},{\"@type\":\"ImageObject\",\"inLanguage\":\"en-US\",\"@id\":\"https:\/\/www.puget-lesadrets-tourisme.com\/en\/for-nature-lovers\/#primaryimage\",\"url\":\"https:\/\/www.puget-lesadrets-tourisme.com\/wp-content\/uploads\/2025\/02\/gabarit-diaporama-lees-adretss-1600x712-1.jpg\",\"contentUrl\":\"https:\/\/www.puget-lesadrets-tourisme.com\/wp-content\/uploads\/2025\/02\/gabarit-diaporama-lees-adretss-1600x712-1.jpg\",\"width\":1600,\"height\":712},{\"@type\":\"BreadcrumbList\",\"@id\":\"https:\/\/www.puget-lesadrets-tourisme.com\/en\/for-nature-lovers\/#breadcrumb\",\"itemListElement\":[{\"@type\":\"ListItem\",\"position\":1,\"name\":\"Home\",\"item\":\"https:\/\/www.pugetsurargens-tourisme.com\/en\/2-communes-1-territory\/\"},{\"@type\":\"ListItem\",\"position\":2,\"name\":\"LES ADRETS-DE-L&rsquo;ESTERELA balcony overlooking the Esterel and the sea\"}]},{\"@type\":\"WebSite\",\"@id\":\"https:\/\/www.puget-lesadrets-tourisme.com\/en\/#website\",\"url\":\"https:\/\/www.puget-lesadrets-tourisme.com\/en\/\",\"name\":\"Puget , Adrets\",\"description\":\"2 communes, 1 Territoire\",\"publisher\":{\"@id\":\"https:\/\/www.puget-lesadrets-tourisme.com\/en\/#organization\"},\"potentialAction\":[{\"@type\":\"SearchAction\",\"target\":{\"@type\":\"EntryPoint\",\"urlTemplate\":\"https:\/\/www.puget-lesadrets-tourisme.com\/en\/?s={search_term_string}\"},\"query-input\":{\"@type\":\"PropertyValueSpecification\",\"valueRequired\":true,\"valueName\":\"search_term_string\"}}],\"inLanguage\":\"en-US\"},{\"@type\":\"Organization\",\"@id\":\"https:\/\/www.puget-lesadrets-tourisme.com\/en\/#organization\",\"name\":\"Puget , Adrets\",\"url\":\"https:\/\/www.puget-lesadrets-tourisme.com\/en\/\",\"logo\":{\"@type\":\"ImageObject\",\"inLanguage\":\"en-US\",\"@id\":\"https:\/\/www.puget-lesadrets-tourisme.com\/en\/#\/schema\/logo\/image\/\",\"url\":\"https:\/\/www.puget-lesadrets-tourisme.com\/wp-content\/uploads\/2025\/02\/LOGO-OT-PUGET-LES-ADRETS-RVB-2.png\",\"contentUrl\":\"https:\/\/www.puget-lesadrets-tourisme.com\/wp-content\/uploads\/2025\/02\/LOGO-OT-PUGET-LES-ADRETS-RVB-2.png\",\"width\":512,\"height\":512,\"caption\":\"Puget , Adrets\"},\"image\":{\"@id\":\"https:\/\/www.puget-lesadrets-tourisme.com\/en\/#\/schema\/logo\/image\/\"}}]}<\/script>\n<!-- \/ Yoast SEO plugin. -->","yoast_head_json":{"title":"Les Adrets de l'Est\u00e9rel: a balcony overlooking the Est\u00e9rel and the sea","description":"Welcome to Les Adrets de l'Est\u00e9rel: a Provencal village nestled between the Est\u00e9rel and the C\u00f4te d'Azur. Tourism, nature and culture to discover!","robots":{"index":"index","follow":"follow","max-snippet":"max-snippet:-1","max-image-preview":"max-image-preview:large","max-video-preview":"max-video-preview:-1"},"canonical":"https:\/\/www.puget-lesadrets-tourisme.com\/en\/for-nature-lovers\/","og_locale":"en_US","og_type":"article","og_title":"Les Adrets de l'Est\u00e9rel: a balcony overlooking the Est\u00e9rel and the sea","og_description":"Welcome to Les Adrets de l'Est\u00e9rel: a Provencal village nestled between the Est\u00e9rel and the C\u00f4te d'Azur. Tourism, nature and culture to discover!","og_url":"https:\/\/www.puget-lesadrets-tourisme.com\/en\/for-nature-lovers\/","og_site_name":"Puget sur argens et Les Adrets de l&#039;Est\u00e9rel","article_modified_time":"2026-04-14T10:27:34+00:00","og_image":[{"width":1600,"height":712,"url":"https:\/\/www.puget-lesadrets-tourisme.com\/wp-content\/uploads\/2025\/02\/gabarit-diaporama-lees-adretss-1600x712-1.jpg","type":"image\/jpeg"}],"twitter_card":"summary_large_image","twitter_misc":{"Est. reading time":"2 minutes"},"schema":{"@context":"https:\/\/schema.org","@graph":[{"@type":"WebPage","@id":"https:\/\/www.puget-lesadrets-tourisme.com\/en\/for-nature-lovers\/","url":"https:\/\/www.puget-lesadrets-tourisme.com\/en\/for-nature-lovers\/","name":"Les Adrets de l'Est\u00e9rel: a balcony overlooking the Est\u00e9rel and the sea","isPartOf":{"@id":"https:\/\/www.puget-lesadrets-tourisme.com\/en\/#website"},"primaryImageOfPage":{"@id":"https:\/\/www.puget-lesadrets-tourisme.com\/en\/for-nature-lovers\/#primaryimage"},"image":{"@id":"https:\/\/www.puget-lesadrets-tourisme.com\/en\/for-nature-lovers\/#primaryimage"},"thumbnailUrl":"https:\/\/www.puget-lesadrets-tourisme.com\/wp-content\/uploads\/2025\/02\/gabarit-diaporama-lees-adretss-1600x712-1.jpg","datePublished":"2025-02-27T14:08:42+00:00","dateModified":"2026-04-14T10:27:34+00:00","description":"Welcome to Les Adrets de l'Est\u00e9rel: a Provencal village nestled between the Est\u00e9rel and the C\u00f4te d'Azur. Tourism, nature and culture to discover!","breadcrumb":{"@id":"https:\/\/www.puget-lesadrets-tourisme.com\/en\/for-nature-lovers\/#breadcrumb"},"inLanguage":"en-US","potentialAction":[{"@type":"ReadAction","target":["https:\/\/www.puget-lesadrets-tourisme.com\/en\/for-nature-lovers\/"]}]},{"@type":"ImageObject","inLanguage":"en-US","@id":"https:\/\/www.puget-lesadrets-tourisme.com\/en\/for-nature-lovers\/#primaryimage","url":"https:\/\/www.puget-lesadrets-tourisme.com\/wp-content\/uploads\/2025\/02\/gabarit-diaporama-lees-adretss-1600x712-1.jpg","contentUrl":"https:\/\/www.puget-lesadrets-tourisme.com\/wp-content\/uploads\/2025\/02\/gabarit-diaporama-lees-adretss-1600x712-1.jpg","width":1600,"height":712},{"@type":"BreadcrumbList","@id":"https:\/\/www.puget-lesadrets-tourisme.com\/en\/for-nature-lovers\/#breadcrumb","itemListElement":[{"@type":"ListItem","position":1,"name":"Home","item":"https:\/\/www.pugetsurargens-tourisme.com\/en\/2-communes-1-territory\/"},{"@type":"ListItem","position":2,"name":"LES ADRETS-DE-L&rsquo;ESTERELA balcony overlooking the Esterel and the sea"}]},{"@type":"WebSite","@id":"https:\/\/www.puget-lesadrets-tourisme.com\/en\/#website","url":"https:\/\/www.puget-lesadrets-tourisme.com\/en\/","name":"Puget , Adrets","description":"2 communes, 1 Territoire","publisher":{"@id":"https:\/\/www.puget-lesadrets-tourisme.com\/en\/#organization"},"potentialAction":[{"@type":"SearchAction","target":{"@type":"EntryPoint","urlTemplate":"https:\/\/www.puget-lesadrets-tourisme.com\/en\/?s={search_term_string}"},"query-input":{"@type":"PropertyValueSpecification","valueRequired":true,"valueName":"search_term_string"}}],"inLanguage":"en-US"},{"@type":"Organization","@id":"https:\/\/www.puget-lesadrets-tourisme.com\/en\/#organization","name":"Puget , Adrets","url":"https:\/\/www.puget-lesadrets-tourisme.com\/en\/","logo":{"@type":"ImageObject","inLanguage":"en-US","@id":"https:\/\/www.puget-lesadrets-tourisme.com\/en\/#\/schema\/logo\/image\/","url":"https:\/\/www.puget-lesadrets-tourisme.com\/wp-content\/uploads\/2025\/02\/LOGO-OT-PUGET-LES-ADRETS-RVB-2.png","contentUrl":"https:\/\/www.puget-lesadrets-tourisme.com\/wp-content\/uploads\/2025\/02\/LOGO-OT-PUGET-LES-ADRETS-RVB-2.png","width":512,"height":512,"caption":"Puget , Adrets"},"image":{"@id":"https:\/\/www.puget-lesadrets-tourisme.com\/en\/#\/schema\/logo\/image\/"}}]}},"_links":{"self":[{"href":"https:\/\/www.puget-lesadrets-tourisme.com\/en\/wp-json\/wp\/v2\/pages\/2478","targetHints":{"allow":["GET"]}}],"collection":[{"href":"https:\/\/www.puget-lesadrets-tourisme.com\/en\/wp-json\/wp\/v2\/pages"}],"about":[{"href":"https:\/\/www.puget-lesadrets-tourisme.com\/en\/wp-json\/wp\/v2\/types\/page"}],"author":[{"embeddable":true,"href":"https:\/\/www.puget-lesadrets-tourisme.com\/en\/wp-json\/wp\/v2\/users\/1"}],"replies":[{"embeddable":true,"href":"https:\/\/www.puget-lesadrets-tourisme.com\/en\/wp-json\/wp\/v2\/comments?post=2478"}],"version-history":[{"count":6,"href":"https:\/\/www.puget-lesadrets-tourisme.com\/en\/wp-json\/wp\/v2\/pages\/2478\/revisions"}],"predecessor-version":[{"id":16766,"href":"https:\/\/www.puget-lesadrets-tourisme.com\/en\/wp-json\/wp\/v2\/pages\/2478\/revisions\/16766"}],"wp:featuredmedia":[{"embeddable":true,"href":"https:\/\/www.puget-lesadrets-tourisme.com\/en\/wp-json\/wp\/v2\/media\/53"}],"wp:attachment":[{"href":"https:\/\/www.puget-lesadrets-tourisme.com\/en\/wp-json\/wp\/v2\/media?parent=2478"}],"wp:term":[{"taxonomy":"category","embeddable":true,"href":"https:\/\/www.puget-lesadrets-tourisme.com\/en\/wp-json\/wp\/v2\/category?post=2478"},{"taxonomy":"zone","embeddable":true,"href":"https:\/\/www.puget-lesadrets-tourisme.com\/en\/wp-json\/wp\/v2\/zone?post=2478"}],"curies":[{"name":"wp","href":"https:\/\/api.w.org\/{rel}","templated":true}]}}