{"id":2460,"date":"2025-03-19T13:13:38","date_gmt":"2025-03-19T12:13:38","guid":{"rendered":"https:\/\/www.puget-lesadrets-tourisme.com\/the-adrets-of-the-esterel\/"},"modified":"2025-08-16T16:14:32","modified_gmt":"2025-08-16T14:14:32","slug":"the-adrets-of-the-esterel","status":"publish","type":"page","link":"https:\/\/www.puget-lesadrets-tourisme.com\/en\/for-nature-lovers\/the-territory\/the-adrets-of-the-esterel\/","title":{"rendered":"Les Adrets-de-l&#8217;Est\u00e9rel"},"content":{"rendered":"\n<div class=\"wp-block-ws-library-ws-header-interne is-layout-constrained alignfull\"><div class=\"alignwide\"><div class=\"yoast-breadcrumbs\"><span><span><a href=\"https:\/\/www.pugetsurargens-tourisme.com\/en\/2-communes-1-territory\/\">Home<\/a><\/span> \u2022 <span><a href=\"https:\/\/www.puget-lesadrets-tourisme.com\/en\/for-nature-lovers\/\">LES ADRETS-DE-L&rsquo;ESTERELA balcony overlooking the Esterel and the sea<\/a><\/span> \u2022 <span><a href=\"https:\/\/www.puget-lesadrets-tourisme.com\/en\/for-nature-lovers\/the-territory\/\">The territory<\/a><\/span> \u2022 <span class=\"breadcrumb_last\" aria-current=\"page\">Les Adrets-de-l&rsquo;Est\u00e9rel<\/span><\/span><\/div><div class=\"columns\"><div class=\"group-media has-image\"><img loading=\"lazy\" decoding=\"async\" width=\"1680\" height=\"635\" src=\"https:\/\/www.puget-lesadrets-tourisme.com\/wp-content\/uploads\/2025\/05\/vue-depuis-le-seguret-1-1680x635.jpg\" alt=\"\" class=\"image_large_square wp-image-8130 \"\/><\/div><div class=\"group-content\"><div class=\"title\"><h1>Les Adrets-de-l&#8217;Est\u00e9rel<\/h1><\/div><div class=\"introduction\"><p><strong>PORTRAIT OF A VILLAGE:<\/strong><\/p><\/div><\/div><\/div><\/div><\/div>\n\n<p>In the past, the village was made up of eighteen hamlets or very remote districts.  <\/p>\n\n<p>Today, the town is made up of two main neighborhoods, which wind their way up the hillside:  <\/p>\n\n<ul class=\"wp-block-list\">\n<li><em>Le Planestel<\/em>: in the center of the village, where the town hall is located.<\/li>\n<\/ul>\n\n<div class=\"wp-block-group has-global-padding is-layout-constrained wp-block-group-is-layout-constrained\">\n<div class=\"wp-block-ws-library-ws-image\"><div class=\"wrapper\"><div class=\"group-media\"><img decoding=\"async\" src=\"https:\/\/www.puget-lesadrets-tourisme.com\/wp-content\/uploads\/2025\/05\/20170308-114658-1-720x475.jpg\" alt=\"\" class=\"single_image ws-image-8141\"><div class=\"credits\"><\/div><\/div><p class=\"caption\"><\/p><\/div><\/div>\n<\/div>\n\n<ul class=\"wp-block-list\">\n<li><em>The Church district<\/em>.<\/li>\n<\/ul>\n\n<p>The winding road between the two neighbourhoods offers numerous viewpoints, like a beautiful collection of paintings, overlooking both the mountains and the Mediterranean. <\/p>\n\n<hr class=\"wp-block-separator has-alpha-channel-opacity\"\/>\n\n<p><\/p>\n\n<p><strong><em><span style=\"text-decoration: underline;\">Historical point:<\/span><\/em><\/strong> <\/p>\n\n<p>During the 17th century, the inhabitants of this sunny hillside \u2013 from which the village also takes its Provencal name \u2013 were forced to travel to Montauroux to attend church services. Because the distance was too great, the Adr\u00e9chois (inhabitants of the area) asked for a chapel to be built. And so, in 1648, Notre-Dame des Maures chapel was constructed, thus marking the first step towards the village\u2019s autonomy   <\/p>\n\n<div class=\"wp-block-ws-library-ws-image\"><div class=\"wrapper\"><div class=\"group-media\"><img decoding=\"async\" src=\"https:\/\/www.puget-lesadrets-tourisme.com\/wp-content\/uploads\/2025\/05\/adrets-vue-3-720x475.jpg\" alt=\"\" class=\"single_image ws-image-8145\"><div class=\"credits\"><\/div><\/div><p class=\"caption\"><\/p><\/div><\/div>\n\n<p>Two centuries later, in 1867, driven by a spirit of autonomy and independence of the inhabitants, the \u201cLes Adrets-de-Montauroux\u201d commune was created by imperial decree from Napoleon III. A few years later, our commune changed its name to \u201cLes-Adrets-de-Fr\u00e9jus\u201d and it wasn\u2019t until 1962 that the commune acquired its current name.   <\/p>\n\n<hr class=\"wp-block-separator has-alpha-channel-opacity\"\/>\n\n<p><strong><em><span style=\"text-decoration: underline;\">Village development:<\/span><\/em><\/strong><\/p>\n\n<p>In the past, vines, fruit trees, strawberries and cereals were grown here and the village developed through cork harvesting, coal and calcium fluorite mining. Until the mid-1980s, it was one of France\u2019s most important mining areas.   <\/p>\n\n<p>The forest provided work for the many generations who shaped it, with the people of Adr\u00e9ch often working as lumberjacks, cork farmers or coal workers  <\/p>\n\n<p class=\"has-text-align-left\">At the time, cork harvesting was a very important activity in the commune due to the large number of oak trees in the area\u2019s national forest. During the summer months, the cork workers would live in the woods and food supplies were delivered weekly. Cork harvesting is still carried out today, but to a lesser extent so as to allow the many trees threatened by insects and disease to rest.   <\/p>\n\n<hr class=\"wp-block-separator has-alpha-channel-opacity\"\/>\n\n<p><\/p>\n\n<p><strong><span style=\"text-decoration: underline;\"><em>Some photos:<\/em><\/span><\/strong><\/p>\n\n<p><\/p>\n\n<div class=\"wp-block-ws-library-ws-image\"><div class=\"wrapper\"><div class=\"group-media\"><img decoding=\"async\" src=\"https:\/\/www.puget-lesadrets-tourisme.com\/wp-content\/uploads\/2025\/05\/les-vallons-1-720x475.jpg\" alt=\"\" class=\"single_image ws-image-8132\"><div class=\"credits\"><\/div><\/div><p class=\"caption\"><\/p><\/div><\/div>\n\n<div class=\"wp-block-group is-nowrap is-layout-flex wp-container-core-group-is-layout-6c531013 wp-block-group-is-layout-flex\">\n<div class=\"wp-block-ws-library-ws-image\"><div class=\"wrapper\"><div class=\"group-media\"><img decoding=\"async\" src=\"https:\/\/www.puget-lesadrets-tourisme.com\/wp-content\/uploads\/2025\/05\/photo-mont-vinaigre-page-3-720x475.jpg\" alt=\"\" class=\"single_image ws-image-8175\"><div class=\"credits\"><\/div><\/div><p class=\"caption\"><\/p><\/div><\/div>\n\n\n\n<div class=\"wp-block-ws-library-ws-image\"><div class=\"wrapper\"><div class=\"group-media\"><img decoding=\"async\" src=\"https:\/\/www.puget-lesadrets-tourisme.com\/wp-content\/uploads\/2025\/05\/photo-lac-page-3-1-720x475.jpg\" alt=\"\" class=\"single_image ws-image-8181\"><div class=\"credits\"><\/div><\/div><p class=\"caption\"><\/p><\/div><\/div>\n<\/div>\n\n<div class=\"wp-block-ws-library-ws-columns has-3-columns are-vertically-aligned-center layout-333333\">\n<div class=\"wp-block-ws-library-ws-column\"><div class=\"wrapper\">\n<div class=\"wp-block-ws-library-ws-image\"><div class=\"wrapper\"><div class=\"group-media\"><img decoding=\"async\" src=\"https:\/\/www.puget-lesadrets-tourisme.com\/wp-content\/uploads\/2025\/05\/20170308-114631-685x450.jpg\" alt=\"\" class=\"single_image ws-image-8173\"><div class=\"credits\"><\/div><\/div><p class=\"caption\"><\/p><\/div><\/div>\n<\/div><\/div>\n\n\n\n<div class=\"wp-block-ws-library-ws-column\"><div class=\"wrapper\">\n<div class=\"wp-block-ws-library-ws-image\"><div class=\"wrapper\"><div class=\"group-media\"><img decoding=\"async\" src=\"https:\/\/www.puget-lesadrets-tourisme.com\/wp-content\/uploads\/2025\/05\/adrets-fontaine-2-685x450.jpg\" alt=\"\" class=\"single_image ws-image-8139\"><div class=\"credits\"><\/div><\/div><p class=\"caption\"><\/p><\/div><\/div>\n<\/div><\/div>\n\n\n\n<div class=\"wp-block-ws-library-ws-column\"><div class=\"wrapper\">\n<div class=\"wp-block-ws-library-ws-image\"><div class=\"wrapper\"><div class=\"group-media\"><img decoding=\"async\" src=\"https:\/\/www.puget-lesadrets-tourisme.com\/wp-content\/uploads\/2025\/05\/adrets-685x450.jpg\" alt=\"\" class=\"single_image ws-image-8143\"><div class=\"credits\"><\/div><\/div><p class=\"caption\"><\/p><\/div><\/div>\n<\/div><\/div>\n<\/div>\n\n<div class=\"wp-block-ws-library-ws-columns has-3-columns are-vertically-aligned-top layout-333333\">\n<div class=\"wp-block-ws-library-ws-column\"><div class=\"wrapper\">\n<div class=\"wp-block-ws-library-ws-image\"><div class=\"wrapper\"><div class=\"group-media\"><img decoding=\"async\" src=\"https:\/\/www.puget-lesadrets-tourisme.com\/wp-content\/uploads\/2025\/05\/adrets-lavoir-685x450.jpg\" alt=\"\" class=\"single_image ws-image-8150\"><div class=\"credits\"><\/div><\/div><p class=\"caption\"><\/p><\/div><\/div>\n<\/div><\/div>\n\n\n\n<div class=\"wp-block-ws-library-ws-column\"><div class=\"wrapper\">\n<div class=\"wp-block-ws-library-ws-image\"><div class=\"wrapper\"><div class=\"group-media\"><img decoding=\"async\" src=\"https:\/\/www.puget-lesadrets-tourisme.com\/wp-content\/uploads\/2025\/05\/detail-village-685x450.jpg\" alt=\"\" class=\"single_image ws-image-8156\"><div class=\"credits\"><\/div><\/div><p class=\"caption\"><\/p><\/div><\/div>\n<\/div><\/div>\n\n\n\n<div class=\"wp-block-ws-library-ws-column\"><div class=\"wrapper\">\n<div class=\"wp-block-ws-library-ws-image\"><div class=\"wrapper\"><div class=\"group-media\"><img decoding=\"async\" src=\"https:\/\/www.puget-lesadrets-tourisme.com\/wp-content\/uploads\/2025\/05\/1000012922-685x450.jpg\" alt=\"\" class=\"single_image ws-image-8158\"><div class=\"credits\"><\/div><\/div><p class=\"caption\"><\/p><\/div><\/div>\n<\/div><\/div>\n<\/div>\n\n<div class=\"wp-block-ws-library-ws-image\"><div class=\"wrapper\"><div class=\"group-media\"><img decoding=\"async\" src=\"https:\/\/www.puget-lesadrets-tourisme.com\/wp-content\/uploads\/2025\/05\/img-2498-1.jpg\" alt=\"\" class=\"single_image ws-image-8161\"><div class=\"credits\"><\/div><\/div><p class=\"caption\"><\/p><\/div><\/div>\n\n<div class=\"wp-block-ws-library-ws-columns has-3-columns are-vertically-aligned-center layout-333333\">\n<div class=\"wp-block-ws-library-ws-column\"><div class=\"wrapper\">\n<div class=\"wp-block-ws-library-ws-image\"><div class=\"wrapper\"><div class=\"group-media\"><img decoding=\"async\" src=\"https:\/\/www.puget-lesadrets-tourisme.com\/wp-content\/uploads\/2025\/05\/img-9653.jpeg\" alt=\"\" class=\"single_image ws-image-8165\"><div class=\"credits\"><\/div><\/div><p class=\"caption\"><\/p><\/div><\/div>\n<\/div><\/div>\n\n\n\n<div class=\"wp-block-ws-library-ws-column\"><div class=\"wrapper\">\n<div class=\"wp-block-ws-library-ws-image\"><div class=\"wrapper\"><div class=\"group-media\"><img decoding=\"async\" src=\"https:\/\/www.puget-lesadrets-tourisme.com\/wp-content\/uploads\/2025\/05\/img-2621.jpg\" alt=\"\" class=\"single_image ws-image-8163\"><div class=\"credits\"><\/div><\/div><p class=\"caption\"><\/p><\/div><\/div>\n<\/div><\/div>\n\n\n\n<div class=\"wp-block-ws-library-ws-column\"><div class=\"wrapper\">\n<div class=\"wp-block-ws-library-ws-image\"><div class=\"wrapper\"><div class=\"group-media\"><img decoding=\"async\" src=\"https:\/\/www.puget-lesadrets-tourisme.com\/wp-content\/uploads\/2025\/05\/img-8994-425x450.jpeg\" alt=\"\" class=\"single_image ws-image-8170\"><div class=\"credits\"><\/div><\/div><p class=\"caption\"><\/p><\/div><\/div>\n<\/div><\/div>\n<\/div>\n\n<div class=\"wp-block-group has-global-padding is-layout-constrained wp-block-group-is-layout-constrained\">\n<p>Photo credits: Marie Tavar\u00e8s &#8211; Romain Bouchard &#8211; Vue d&#8217;en haut &#8211; Est\u00e9rel c\u00f4te d&#8217;azur &#8211; Isabelle Martel<\/p>\n\n\n\n<hr class=\"wp-block-separator has-alpha-channel-opacity\"\/>\n\n\n\n<p><strong>You&#8217;ll also find a map of our village:<\/strong><\/p>\n<\/div>\n\n<div class=\"wp-block-ws-library-ws-documents\">\n<div class=\"wp-block-ws-library-ws-document\"><a href=\"https:\/\/www.puget-lesadrets-tourisme.com\/wp-content\/uploads\/2025\/07\/plan-les-adrets-de-lesterel.pdf\" target=\"_blank\" rel=\"noopener noreferrer\" class=\"link-document\">PLAN LES ADRETS DE L&#8217;ESTEREL<\/a><\/div>\n<\/div>\n\n<p><\/p>\n\n<p><\/p>\n","protected":false},"excerpt":{"rendered":"<p>In the past, the village was made up of eighteen hamlets or very remote districts. Today, the town is made [&hellip;]<\/p>\n","protected":false},"author":1,"featured_media":8146,"parent":2468,"menu_order":0,"comment_status":"closed","ping_status":"closed","template":"","meta":{"footnotes":""},"category":[],"zone":[937],"class_list":["post-2460","page","type-page","status-publish","has-post-thumbnail","hentry","zone-adrets"],"yoast_head":"<!-- This site is optimized with the Yoast SEO plugin v27.0 - https:\/\/yoast.com\/product\/yoast-seo-wordpress\/ -->\n<title>Les Adrets de l&#039;Est\u00e9rel photo gallery - the village in pictures<\/title>\n<meta name=\"description\" content=\"Discover Les Adrets de l&#039;Est\u00e9rel in pictures: landscapes, nature and heritage in the heart of the Est\u00e9rel and the C\u00f4te d&#039;Azur.\" \/>\n<meta name=\"robots\" content=\"index, follow, max-snippet:-1, max-image-preview:large, max-video-preview:-1\" \/>\n<link rel=\"canonical\" href=\"https:\/\/www.puget-lesadrets-tourisme.com\/en\/for-nature-lovers\/the-territory\/the-adrets-of-the-esterel\/\" \/>\n<meta property=\"og:locale\" content=\"en_US\" \/>\n<meta property=\"og:type\" content=\"article\" \/>\n<meta property=\"og:title\" content=\"Les Adrets de l&#039;Est\u00e9rel photo gallery - the village in pictures\" \/>\n<meta property=\"og:description\" content=\"Discover Les Adrets de l&#039;Est\u00e9rel in pictures: landscapes, nature and heritage in the heart of the Est\u00e9rel and the C\u00f4te d&#039;Azur.\" \/>\n<meta property=\"og:url\" content=\"https:\/\/www.puget-lesadrets-tourisme.com\/en\/for-nature-lovers\/the-territory\/the-adrets-of-the-esterel\/\" \/>\n<meta property=\"og:site_name\" content=\"Puget sur argens et Les Adrets de l&#039;Est\u00e9rel\" \/>\n<meta property=\"article:modified_time\" content=\"2025-08-16T14:14:32+00:00\" \/>\n<meta property=\"og:image\" content=\"https:\/\/www.puget-lesadrets-tourisme.com\/wp-content\/uploads\/2025\/05\/adrets-vue-3.jpg\" \/>\n\t<meta property=\"og:image:width\" content=\"2048\" \/>\n\t<meta property=\"og:image:height\" content=\"1536\" \/>\n\t<meta property=\"og:image:type\" content=\"image\/jpeg\" \/>\n<meta name=\"twitter:card\" content=\"summary_large_image\" \/>\n<meta name=\"twitter:label1\" content=\"Est. reading time\" \/>\n\t<meta name=\"twitter:data1\" content=\"2 minutes\" \/>\n<script type=\"application\/ld+json\" class=\"yoast-schema-graph\">{\"@context\":\"https:\/\/schema.org\",\"@graph\":[{\"@type\":\"WebPage\",\"@id\":\"https:\/\/www.puget-lesadrets-tourisme.com\/en\/for-nature-lovers\/the-territory\/the-adrets-of-the-esterel\/\",\"url\":\"https:\/\/www.puget-lesadrets-tourisme.com\/en\/for-nature-lovers\/the-territory\/the-adrets-of-the-esterel\/\",\"name\":\"Les Adrets de l'Est\u00e9rel photo gallery - the village in pictures\",\"isPartOf\":{\"@id\":\"https:\/\/www.puget-lesadrets-tourisme.com\/en\/#website\"},\"primaryImageOfPage\":{\"@id\":\"https:\/\/www.puget-lesadrets-tourisme.com\/en\/for-nature-lovers\/the-territory\/the-adrets-of-the-esterel\/#primaryimage\"},\"image\":{\"@id\":\"https:\/\/www.puget-lesadrets-tourisme.com\/en\/for-nature-lovers\/the-territory\/the-adrets-of-the-esterel\/#primaryimage\"},\"thumbnailUrl\":\"https:\/\/www.puget-lesadrets-tourisme.com\/wp-content\/uploads\/2025\/05\/adrets-vue-3.jpg\",\"datePublished\":\"2025-03-19T12:13:38+00:00\",\"dateModified\":\"2025-08-16T14:14:32+00:00\",\"description\":\"Discover Les Adrets de l'Est\u00e9rel in pictures: landscapes, nature and heritage in the heart of the Est\u00e9rel and the C\u00f4te d'Azur.\",\"breadcrumb\":{\"@id\":\"https:\/\/www.puget-lesadrets-tourisme.com\/en\/for-nature-lovers\/the-territory\/the-adrets-of-the-esterel\/#breadcrumb\"},\"inLanguage\":\"en-US\",\"potentialAction\":[{\"@type\":\"ReadAction\",\"target\":[\"https:\/\/www.puget-lesadrets-tourisme.com\/en\/for-nature-lovers\/the-territory\/the-adrets-of-the-esterel\/\"]}]},{\"@type\":\"ImageObject\",\"inLanguage\":\"en-US\",\"@id\":\"https:\/\/www.puget-lesadrets-tourisme.com\/en\/for-nature-lovers\/the-territory\/the-adrets-of-the-esterel\/#primaryimage\",\"url\":\"https:\/\/www.puget-lesadrets-tourisme.com\/wp-content\/uploads\/2025\/05\/adrets-vue-3.jpg\",\"contentUrl\":\"https:\/\/www.puget-lesadrets-tourisme.com\/wp-content\/uploads\/2025\/05\/adrets-vue-3.jpg\",\"width\":2048,\"height\":1536},{\"@type\":\"BreadcrumbList\",\"@id\":\"https:\/\/www.puget-lesadrets-tourisme.com\/en\/for-nature-lovers\/the-territory\/the-adrets-of-the-esterel\/#breadcrumb\",\"itemListElement\":[{\"@type\":\"ListItem\",\"position\":1,\"name\":\"Home\",\"item\":\"https:\/\/www.pugetsurargens-tourisme.com\/en\/2-communes-1-territory\/\"},{\"@type\":\"ListItem\",\"position\":2,\"name\":\"LES ADRETS-DE-L&rsquo;ESTERELA balcony overlooking the Esterel and the sea\",\"item\":\"https:\/\/www.puget-lesadrets-tourisme.com\/en\/for-nature-lovers\/\"},{\"@type\":\"ListItem\",\"position\":3,\"name\":\"The territory\",\"item\":\"https:\/\/www.puget-lesadrets-tourisme.com\/en\/for-nature-lovers\/the-territory\/\"},{\"@type\":\"ListItem\",\"position\":4,\"name\":\"Les Adrets-de-l&rsquo;Est\u00e9rel\"}]},{\"@type\":\"WebSite\",\"@id\":\"https:\/\/www.puget-lesadrets-tourisme.com\/en\/#website\",\"url\":\"https:\/\/www.puget-lesadrets-tourisme.com\/en\/\",\"name\":\"Puget , Adrets\",\"description\":\"2 communes, 1 Territoire\",\"publisher\":{\"@id\":\"https:\/\/www.puget-lesadrets-tourisme.com\/en\/#organization\"},\"potentialAction\":[{\"@type\":\"SearchAction\",\"target\":{\"@type\":\"EntryPoint\",\"urlTemplate\":\"https:\/\/www.puget-lesadrets-tourisme.com\/en\/?s={search_term_string}\"},\"query-input\":{\"@type\":\"PropertyValueSpecification\",\"valueRequired\":true,\"valueName\":\"search_term_string\"}}],\"inLanguage\":\"en-US\"},{\"@type\":\"Organization\",\"@id\":\"https:\/\/www.puget-lesadrets-tourisme.com\/en\/#organization\",\"name\":\"Puget , Adrets\",\"url\":\"https:\/\/www.puget-lesadrets-tourisme.com\/en\/\",\"logo\":{\"@type\":\"ImageObject\",\"inLanguage\":\"en-US\",\"@id\":\"https:\/\/www.puget-lesadrets-tourisme.com\/en\/#\/schema\/logo\/image\/\",\"url\":\"https:\/\/www.puget-lesadrets-tourisme.com\/wp-content\/uploads\/2025\/02\/LOGO-OT-PUGET-LES-ADRETS-RVB-2.png\",\"contentUrl\":\"https:\/\/www.puget-lesadrets-tourisme.com\/wp-content\/uploads\/2025\/02\/LOGO-OT-PUGET-LES-ADRETS-RVB-2.png\",\"width\":512,\"height\":512,\"caption\":\"Puget , Adrets\"},\"image\":{\"@id\":\"https:\/\/www.puget-lesadrets-tourisme.com\/en\/#\/schema\/logo\/image\/\"}}]}<\/script>\n<!-- \/ Yoast SEO plugin. -->","yoast_head_json":{"title":"Les Adrets de l'Est\u00e9rel photo gallery - the village in pictures","description":"Discover Les Adrets de l'Est\u00e9rel in pictures: landscapes, nature and heritage in the heart of the Est\u00e9rel and the C\u00f4te d'Azur.","robots":{"index":"index","follow":"follow","max-snippet":"max-snippet:-1","max-image-preview":"max-image-preview:large","max-video-preview":"max-video-preview:-1"},"canonical":"https:\/\/www.puget-lesadrets-tourisme.com\/en\/for-nature-lovers\/the-territory\/the-adrets-of-the-esterel\/","og_locale":"en_US","og_type":"article","og_title":"Les Adrets de l'Est\u00e9rel photo gallery - the village in pictures","og_description":"Discover Les Adrets de l'Est\u00e9rel in pictures: landscapes, nature and heritage in the heart of the Est\u00e9rel and the C\u00f4te d'Azur.","og_url":"https:\/\/www.puget-lesadrets-tourisme.com\/en\/for-nature-lovers\/the-territory\/the-adrets-of-the-esterel\/","og_site_name":"Puget sur argens et Les Adrets de l&#039;Est\u00e9rel","article_modified_time":"2025-08-16T14:14:32+00:00","og_image":[{"width":2048,"height":1536,"url":"https:\/\/www.puget-lesadrets-tourisme.com\/wp-content\/uploads\/2025\/05\/adrets-vue-3.jpg","type":"image\/jpeg"}],"twitter_card":"summary_large_image","twitter_misc":{"Est. reading time":"2 minutes"},"schema":{"@context":"https:\/\/schema.org","@graph":[{"@type":"WebPage","@id":"https:\/\/www.puget-lesadrets-tourisme.com\/en\/for-nature-lovers\/the-territory\/the-adrets-of-the-esterel\/","url":"https:\/\/www.puget-lesadrets-tourisme.com\/en\/for-nature-lovers\/the-territory\/the-adrets-of-the-esterel\/","name":"Les Adrets de l'Est\u00e9rel photo gallery - the village in pictures","isPartOf":{"@id":"https:\/\/www.puget-lesadrets-tourisme.com\/en\/#website"},"primaryImageOfPage":{"@id":"https:\/\/www.puget-lesadrets-tourisme.com\/en\/for-nature-lovers\/the-territory\/the-adrets-of-the-esterel\/#primaryimage"},"image":{"@id":"https:\/\/www.puget-lesadrets-tourisme.com\/en\/for-nature-lovers\/the-territory\/the-adrets-of-the-esterel\/#primaryimage"},"thumbnailUrl":"https:\/\/www.puget-lesadrets-tourisme.com\/wp-content\/uploads\/2025\/05\/adrets-vue-3.jpg","datePublished":"2025-03-19T12:13:38+00:00","dateModified":"2025-08-16T14:14:32+00:00","description":"Discover Les Adrets de l'Est\u00e9rel in pictures: landscapes, nature and heritage in the heart of the Est\u00e9rel and the C\u00f4te d'Azur.","breadcrumb":{"@id":"https:\/\/www.puget-lesadrets-tourisme.com\/en\/for-nature-lovers\/the-territory\/the-adrets-of-the-esterel\/#breadcrumb"},"inLanguage":"en-US","potentialAction":[{"@type":"ReadAction","target":["https:\/\/www.puget-lesadrets-tourisme.com\/en\/for-nature-lovers\/the-territory\/the-adrets-of-the-esterel\/"]}]},{"@type":"ImageObject","inLanguage":"en-US","@id":"https:\/\/www.puget-lesadrets-tourisme.com\/en\/for-nature-lovers\/the-territory\/the-adrets-of-the-esterel\/#primaryimage","url":"https:\/\/www.puget-lesadrets-tourisme.com\/wp-content\/uploads\/2025\/05\/adrets-vue-3.jpg","contentUrl":"https:\/\/www.puget-lesadrets-tourisme.com\/wp-content\/uploads\/2025\/05\/adrets-vue-3.jpg","width":2048,"height":1536},{"@type":"BreadcrumbList","@id":"https:\/\/www.puget-lesadrets-tourisme.com\/en\/for-nature-lovers\/the-territory\/the-adrets-of-the-esterel\/#breadcrumb","itemListElement":[{"@type":"ListItem","position":1,"name":"Home","item":"https:\/\/www.pugetsurargens-tourisme.com\/en\/2-communes-1-territory\/"},{"@type":"ListItem","position":2,"name":"LES ADRETS-DE-L&rsquo;ESTERELA balcony overlooking the Esterel and the sea","item":"https:\/\/www.puget-lesadrets-tourisme.com\/en\/for-nature-lovers\/"},{"@type":"ListItem","position":3,"name":"The territory","item":"https:\/\/www.puget-lesadrets-tourisme.com\/en\/for-nature-lovers\/the-territory\/"},{"@type":"ListItem","position":4,"name":"Les Adrets-de-l&rsquo;Est\u00e9rel"}]},{"@type":"WebSite","@id":"https:\/\/www.puget-lesadrets-tourisme.com\/en\/#website","url":"https:\/\/www.puget-lesadrets-tourisme.com\/en\/","name":"Puget , Adrets","description":"2 communes, 1 Territoire","publisher":{"@id":"https:\/\/www.puget-lesadrets-tourisme.com\/en\/#organization"},"potentialAction":[{"@type":"SearchAction","target":{"@type":"EntryPoint","urlTemplate":"https:\/\/www.puget-lesadrets-tourisme.com\/en\/?s={search_term_string}"},"query-input":{"@type":"PropertyValueSpecification","valueRequired":true,"valueName":"search_term_string"}}],"inLanguage":"en-US"},{"@type":"Organization","@id":"https:\/\/www.puget-lesadrets-tourisme.com\/en\/#organization","name":"Puget , Adrets","url":"https:\/\/www.puget-lesadrets-tourisme.com\/en\/","logo":{"@type":"ImageObject","inLanguage":"en-US","@id":"https:\/\/www.puget-lesadrets-tourisme.com\/en\/#\/schema\/logo\/image\/","url":"https:\/\/www.puget-lesadrets-tourisme.com\/wp-content\/uploads\/2025\/02\/LOGO-OT-PUGET-LES-ADRETS-RVB-2.png","contentUrl":"https:\/\/www.puget-lesadrets-tourisme.com\/wp-content\/uploads\/2025\/02\/LOGO-OT-PUGET-LES-ADRETS-RVB-2.png","width":512,"height":512,"caption":"Puget , Adrets"},"image":{"@id":"https:\/\/www.puget-lesadrets-tourisme.com\/en\/#\/schema\/logo\/image\/"}}]}},"_links":{"self":[{"href":"https:\/\/www.puget-lesadrets-tourisme.com\/en\/wp-json\/wp\/v2\/pages\/2460","targetHints":{"allow":["GET"]}}],"collection":[{"href":"https:\/\/www.puget-lesadrets-tourisme.com\/en\/wp-json\/wp\/v2\/pages"}],"about":[{"href":"https:\/\/www.puget-lesadrets-tourisme.com\/en\/wp-json\/wp\/v2\/types\/page"}],"author":[{"embeddable":true,"href":"https:\/\/www.puget-lesadrets-tourisme.com\/en\/wp-json\/wp\/v2\/users\/1"}],"replies":[{"embeddable":true,"href":"https:\/\/www.puget-lesadrets-tourisme.com\/en\/wp-json\/wp\/v2\/comments?post=2460"}],"version-history":[{"count":7,"href":"https:\/\/www.puget-lesadrets-tourisme.com\/en\/wp-json\/wp\/v2\/pages\/2460\/revisions"}],"predecessor-version":[{"id":16768,"href":"https:\/\/www.puget-lesadrets-tourisme.com\/en\/wp-json\/wp\/v2\/pages\/2460\/revisions\/16768"}],"up":[{"embeddable":true,"href":"https:\/\/www.puget-lesadrets-tourisme.com\/en\/wp-json\/wp\/v2\/pages\/2468"}],"wp:featuredmedia":[{"embeddable":true,"href":"https:\/\/www.puget-lesadrets-tourisme.com\/en\/wp-json\/wp\/v2\/media\/8146"}],"wp:attachment":[{"href":"https:\/\/www.puget-lesadrets-tourisme.com\/en\/wp-json\/wp\/v2\/media?parent=2460"}],"wp:term":[{"taxonomy":"category","embeddable":true,"href":"https:\/\/www.puget-lesadrets-tourisme.com\/en\/wp-json\/wp\/v2\/category?post=2460"},{"taxonomy":"zone","embeddable":true,"href":"https:\/\/www.puget-lesadrets-tourisme.com\/en\/wp-json\/wp\/v2\/zone?post=2460"}],"curies":[{"name":"wp","href":"https:\/\/api.w.org\/{rel}","templated":true}]}}